{"id":544,"date":"2011-09-29T19:49:22","date_gmt":"2011-09-29T19:49:22","guid":{"rendered":"http:\/\/www.ipfb.org.br\/ita\/?page_id=544"},"modified":"2016-08-29T09:10:50","modified_gmt":"2016-08-29T12:10:50","slug":"pr-moises-moura","status":"publish","type":"page","link":"http:\/\/www.ipfb.org.br\/ita\/pr-moises-moura\/","title":{"rendered":"Pr. Mois\u00e9s Moura"},"content":{"rendered":"<h1>Pr. Mois\u00e9s Moura<\/h1>\n<table style=\"width: 100%;\" cellspacing=\"1\">\n<tbody>\n<tr>\nAcampamento da Igreja TAI-AN * Data: 18 a 21 de abril de 2014<br \/>\nLocal: EL SHADAI PARK HOTEL &#8211; Cabre\u00fava &#8211; S.P.<br \/>\nTema: &#8220;Alicerces para uma fam\u00edlia aben\u00e7oada&#8221;<\/p>\n<tr>\n<td style=\"text-align: center; width: 33%;\"><iframe loading=\"lazy\" src=\"http:\/\/player.vimeo.com\/video\/96481663?title=0&amp;byline=0&amp;portrait=0\" frameborder=\"0\" width=\"270\" height=\"210\" webkitallowfullscreen mozallowfullscreen allowfullscreen><\/iframe><br \/>\nPalestra 1: O plano de Deus para a fam\u00edlia<\/td>\n<td style=\"text-align: center; width: 33%;\"><iframe loading=\"lazy\" src=\"http:\/\/player.vimeo.com\/video\/96481666?title=0&amp;byline=0&amp;portrait=0\" frameborder=\"0\" width=\"270\" height=\"210\" webkitallowfullscreen mozallowfullscreen allowfullscreen><\/iframe><br \/>\nPalestra 2: O plano do Diabo para  fam\u00edlia<\/td>\n<td style=\"text-align: center; width: 33%;\"><iframe loading=\"lazy\" src=\"http:\/\/player.vimeo.com\/video\/93596432?title=0&amp;byline=0&amp;portrait=0\" frameborder=\"0\" width=\"270\" height=\"210\" webkitallowfullscreen mozallowfullscreen allowfullscreen><\/iframe><br \/>\nPalestra 3: Conselhos aos jovens sobre namoro, casamento e sexo<\/td>\n<\/tr>\n<tr>\n<td style=\"text-align: center; width: 33%;\"><iframe loading=\"lazy\" src=\"http:\/\/player.vimeo.com\/video\/96481669?title=0&amp;byline=0&amp;portrait=0\" frameborder=\"0\" width=\"270\" height=\"210\" webkitallowfullscreen mozallowfullscreen allowfullscreen><\/iframe><br \/>\nPalestra 4: Comunica\u00e7\u00e3o para uma fam\u00edlia aben\u00e7oada<\/td>\n<td style=\"text-align: center; width: 33%;\"><iframe loading=\"lazy\" src=\"http:\/\/player.vimeo.com\/video\/96481670?title=0&amp;byline=0&amp;portrait=0\" frameborder=\"0\" width=\"270\" height=\"210\" webkitallowfullscreen mozallowfullscreen allowfullscreen><\/iframe><br \/>\nPalestra 5: A vida espiritual da fam\u00edlia<\/td>\n<td style=\"text-align: center; width: 33%;\"><iframe loading=\"lazy\" src=\"http:\/\/player.vimeo.com\/video\/96481671?title=0&amp;byline=0&amp;portrait=0\" frameborder=\"0\" width=\"270\" height=\"210\" webkitallowfullscreen mozallowfullscreen allowfullscreen><\/iframe><br \/>\nPalestra 6: A fam\u00edlia compromissada na comunidade<\/td>\n<\/tr>\n<tr>\n<td style=\"text-align: center; width: 33%;\"><iframe loading=\"lazy\" src=\"http:\/\/player.vimeo.com\/video\/94104502?title=0&amp;byline=0&amp;portrait=0\" frameborder=\"0\" width=\"270\" height=\"210\" webkitallowfullscreen mozallowfullscreen allowfullscreen><\/iframe><br \/>\nPalestra 7: Perguntas e Respostas<\/td>\n<td style=\"text-align: center; width: 33%;\"><iframe loading=\"lazy\" src=\"http:\/\/player.vimeo.com\/video\/92602266?title=0&amp;byline=0&amp;portrait=0\" frameborder=\"0\" width=\"270\" height=\"210\" webkitallowfullscreen mozallowfullscreen allowfullscreen><\/iframe><br \/>\nMensagem: E se Jesus n\u00e3o tivesse ressuscitado? (1 Cor. 15:12-20)<\/td>\n<td style=\"text-align: center; width: 33%;\"><iframe loading=\"lazy\" src=\"http:\/\/player.vimeo.com\/video\/96481688?title=0&amp;byline=0&amp;portrait=0\" frameborder=\"0\" width=\"270\" height=\"210\" webkitallowfullscreen mozallowfullscreen allowfullscreen><\/iframe><br \/>\nEncontro com os Profissionais,<br \/>\n26-04-2014<\/td>\n<\/tr>\n<\/tbody>\n<\/table>\n<table style=\"width: 100%;\" cellspacing=\"1\">\n<tbody>\n<tr>\nAcampamento dos Profissionais * Data: 12 a 14 de outubro de 2012<br \/>\nLocal: Hotel Paradies Conven\u00e7\u00e3o &amp; Laser, Jarinu &#8211; S.P.<\/p>\n<tr>\n<td style=\"text-align: center; width: 33%;\"><iframe loading=\"lazy\" src=\"http:\/\/player.vimeo.com\/video\/52389833?title=0&amp;byline=0&amp;portrait=0\" frameborder=\"0\" width=\"270\" height=\"210\" webkitallowfullscreen mozallowfullscreen allowfullscreen><\/iframe><br \/>\nPalestra 1<\/td>\n<td style=\"text-align: center; width: 33%;\"><iframe loading=\"lazy\" src=\"http:\/\/player.vimeo.com\/video\/52389832?title=0&amp;byline=0&amp;portrait=0\" frameborder=\"0\" width=\"270\" height=\"210\" webkitallowfullscreen mozallowfullscreen allowfullscreen><\/iframe><br \/>\nPalestra 2<\/td>\n<td style=\"text-align: center; width: 33%;\"><iframe loading=\"lazy\" src=\"http:\/\/player.vimeo.com\/video\/54019224?title=0&amp;byline=0&amp;portrait=0\" frameborder=\"0\" width=\"270\" height=\"210\" webkitallowfullscreen mozallowfullscreen allowfullscreen><\/iframe><br \/>\nPalestra 2b (Completa, sem cortes, com din\u00e2mica de grupos)<\/td>\n<\/tr>\n<tr>\n<td style=\"text-align: center; width: 33%;\"><iframe loading=\"lazy\" src=\"http:\/\/player.vimeo.com\/video\/52161593?title=0&amp;byline=0&amp;portrait=0\" frameborder=\"0\" width=\"270\" height=\"210\" webkitallowfullscreen mozallowfullscreen allowfullscreen><\/iframe><br \/>\nPalestra 3<\/td>\n<td style=\"text-align: center; width: 33%;\"><iframe loading=\"lazy\" src=\"http:\/\/player.vimeo.com\/video\/52389830?title=0&amp;byline=0&amp;portrait=0\" frameborder=\"0\" width=\"270\" height=\"210\" webkitallowfullscreen mozallowfullscreen allowfullscreen><\/iframe><br \/>\nPalestra 4<\/td>\n<td style=\"text-align: center; width: 33%;\"><iframe loading=\"lazy\" src=\"http:\/\/player.vimeo.com\/video\/53147585?title=0&amp;byline=0&amp;portrait=0\" frameborder=\"0\" width=\"270\" height=\"210\" webkitallowfullscreen mozallowfullscreen allowfullscreen><\/iframe><br \/>\nPalestra 4b (Completa, sem cortes, com din\u00e2mica de grupos)<\/td>\n<\/tr>\n<tr>\n<td style=\"text-align: center; width: 33%;\"><iframe loading=\"lazy\" src=\"http:\/\/player.vimeo.com\/video\/52389831?title=0&amp;byline=0&amp;portrait=0\" frameborder=\"0\" width=\"270\" height=\"210\" webkitallowfullscreen mozallowfullscreen allowfullscreen><\/iframe><br \/>\nPalestra 5<\/td>\n<td style=\"text-align: center; width: 33%;\"><iframe loading=\"lazy\" src=\"http:\/\/player.vimeo.com\/video\/38584116?title=0&amp;byline=0&amp;portrait=0\" frameborder=\"0\" width=\"270\" height=\"210\" webkitallowfullscreen mozallowfullscreen allowfullscreen><\/iframe><br \/>\nComo entender e dominar o poder do Medo ?<br \/>\nI Reis 18:1, 17-19 e 19:1-4; II Cr\u00f4nicas 20; Isa\u00edas 41:10;<br \/>\nSalmo 46:1-3; Hebreus 13:6; Salmo 112:7-8; Hebreus 2:14-15<\/td>\n<td style=\"text-align: center; width: 33%;\"><iframe loading=\"lazy\" src=\"http:\/\/player.vimeo.com\/video\/32049972?title=0&amp;byline=0&amp;portrait=0\" frameborder=\"0\" width=\"270\" height=\"210\" webkitallowfullscreen mozallowfullscreen allowfullscreen><\/iframe><br \/>\nRelat\u00f3rio Ministerial do Pr. Moises Moura 2011<\/td>\n<\/tr>\n<\/tbody>\n<\/table>\n<table style=\"width: 100%;\" cellspacing=\"1\">\n<tbody>\n<tr>\nAcampamento dos Profissionais * Data: 12 a 15 de novembro de 2011<br \/>\nLocal: Hotel Paradies Conven\u00e7\u00e3o &amp; Laser, Jarinu &#8211; S.P.<br \/>\nTema: Professias: O fim est\u00e1 pr\u00f3ximo: Prepare-se<\/p>\n<tr>\n<td style=\"text-align: center; width: 33%;\"><iframe loading=\"lazy\" src=\"http:\/\/player.vimeo.com\/video\/32674292?title=0&amp;byline=0&amp;portrait=0\" frameborder=\"0\" width=\"270\" height=\"210\" webkitallowfullscreen mozallowfullscreen allowfullscreen><\/iframe><br \/>\nPalestra 1: Introdu\u00e7\u00e3o<\/td>\n<td style=\"text-align: center; width: 33%;\"><iframe loading=\"lazy\" src=\"http:\/\/player.vimeo.com\/video\/32676534?title=0&amp;byline=0&amp;portrait=0\" frameborder=\"0\" width=\"270\" height=\"210\" webkitallowfullscreen mozallowfullscreen allowfullscreen><\/iframe><br \/>\nPalestra 2: O Arrebatamento da Igreja<\/td>\n<td style=\"text-align: center; width: 33%;\"><iframe loading=\"lazy\" src=\"http:\/\/player.vimeo.com\/video\/32678624?title=0&amp;byline=0&amp;portrait=0\" frameborder=\"0\" width=\"270\" height=\"210\" webkitallowfullscreen mozallowfullscreen allowfullscreen><\/iframe><br \/>\nPalestra 3: As 70 semanas de Daniel<\/td>\n<\/tr>\n<tr>\n<td style=\"text-align: center; width: 33%;\"><iframe loading=\"lazy\" src=\"http:\/\/player.vimeo.com\/video\/33916220?title=0&amp;byline=0&amp;portrait=0\" frameborder=\"0\" width=\"270\" height=\"210\" webkitallowfullscreen mozallowfullscreen allowfullscreen><\/iframe><br \/>\nPalestra 4: A Tribula\u00e7\u00e3o &#8211; Parte 1<\/td>\n<td style=\"text-align: center; width: 33%;\"><iframe loading=\"lazy\" src=\"http:\/\/player.vimeo.com\/video\/33916228?title=0&amp;byline=0&amp;portrait=0\" frameborder=\"0\" width=\"270\" height=\"210\" webkitallowfullscreen mozallowfullscreen allowfullscreen><\/iframe><br \/>\nPalestra 5: A Tribula\u00e7\u00e3o &#8211; Parte 2<\/td>\n<td style=\"text-align: center; width: 33%;\"><iframe loading=\"lazy\" src=\"http:\/\/player.vimeo.com\/video\/38979641?title=0&amp;byline=0&amp;portrait=0\" frameborder=\"0\" width=\"270\" height=\"210\" webkitallowfullscreen mozallowfullscreen allowfullscreen><\/iframe><br \/>\nPalestra 6: Perguntas e Respostas<\/td>\n<\/tr>\n<tr>\n<\/tbody>\n<\/table>\n<p>&nbsp;<\/p>\n<p><strong>Pr. Moises Moura<\/strong> * Global Leadership Training *<a href=\"http:\/\/moura.abwe.org\">http:\/\/moura.abwe.org<\/a><br \/>\nE-mail: moisesmoura@yahoo.com<br \/>\n<a href=\"http:\/\/www.ipfb.org.br\/ita\/wp-content\/uploads\/2011\/09\/Moises_Moura2011.pdf\">Cart\u00e3o de Natal 2011<\/a><br \/>\n<a href=\"http:\/\/www.ipfb.org.br\/ita\/wp-content\/uploads\/2011\/09\/Carta-de-ora\u00e7\u00e3o-Agosto-Setembro-de-2010.pdf\">Carta de ora\u00e7\u00e3o &#8211; Agosto-Setembro de 2010<\/a><br \/>\n<a href=\"http:\/\/www.ipfb.org.br\/ita\/wp-content\/uploads\/2011\/09\/Junho-julho-de-2010-Noticias-da-fam\u00edlia-Moura.pdf\">Not\u00edcias da fam\u00edlia Moura &#8211; Junho-julho de 2010<\/a><br \/>\n<a href=\"http:\/\/www.ipfb.org.br\/ita\/wp-content\/uploads\/2011\/09\/Carta-de-ora\u00e7\u00e3o-Mar\u00e7o-Abril-2010-Portugues-com-fotos.pdf\">Carta de ora\u00e7\u00e3o &#8211; Mar\u00e7o-Abril 2010 &#8211; Portugues com fotos<\/a><br \/>\n&nbsp;<\/p>\n","protected":false},"excerpt":{"rendered":"<p>Pr. Mois\u00e9s Moura Acampamento da Igreja TAI-AN * Data: 18 a 21 de abril de 2014 Local: EL SHADAI PARK HOTEL &#8211; Cabre\u00fava &#8211; S.P. Tema: &#8220;Alicerces para uma fam\u00edlia aben\u00e7oada&#8221; Palestra 1: O plano de Deus para a fam\u00edlia &hellip; <a href=\"http:\/\/www.ipfb.org.br\/ita\/pr-moises-moura\/\">Continue lendo <span class=\"meta-nav\">&rarr;<\/span><\/a><\/p>\n","protected":false},"author":3,"featured_media":0,"parent":0,"menu_order":0,"comment_status":"closed","ping_status":"open","template":"showcase.php","meta":{"_et_pb_use_builder":"","_et_pb_old_content":"","_et_gb_content_width":"","footnotes":""},"class_list":["post-544","page","type-page","status-publish","hentry"],"_links":{"self":[{"href":"http:\/\/www.ipfb.org.br\/ita\/wp-json\/wp\/v2\/pages\/544","targetHints":{"allow":["GET"]}}],"collection":[{"href":"http:\/\/www.ipfb.org.br\/ita\/wp-json\/wp\/v2\/pages"}],"about":[{"href":"http:\/\/www.ipfb.org.br\/ita\/wp-json\/wp\/v2\/types\/page"}],"author":[{"embeddable":true,"href":"http:\/\/www.ipfb.org.br\/ita\/wp-json\/wp\/v2\/users\/3"}],"replies":[{"embeddable":true,"href":"http:\/\/www.ipfb.org.br\/ita\/wp-json\/wp\/v2\/comments?post=544"}],"version-history":[{"count":59,"href":"http:\/\/www.ipfb.org.br\/ita\/wp-json\/wp\/v2\/pages\/544\/revisions"}],"predecessor-version":[{"id":6824,"href":"http:\/\/www.ipfb.org.br\/ita\/wp-json\/wp\/v2\/pages\/544\/revisions\/6824"}],"wp:attachment":[{"href":"http:\/\/www.ipfb.org.br\/ita\/wp-json\/wp\/v2\/media?parent=544"}],"curies":[{"name":"wp","href":"https:\/\/api.w.org\/{rel}","templated":true}]}}